{"id":19,"date":"2014-03-17T18:16:08","date_gmt":"2014-03-17T18:16:08","guid":{"rendered":"http:\/\/demo.themegrill.com\/spacious\/?page_id=19"},"modified":"2022-01-21T13:37:02","modified_gmt":"2022-01-21T12:37:02","slug":"awesome-support","status":"publish","type":"page","link":"https:\/\/www.thuenen.info\/?page_id=19","title":{"rendered":"Gesellschaft"},"content":{"rendered":"\n<h4 class=\"wp-block-heading\"><strong>Gr\u00fcndung<\/strong><\/h4>\n\n\n\n<p>Die Th\u00fcnengesellschaft e.\u00a0V wurde im September 1990 in Tellow gegr\u00fcndet. Seither ist sie um die Bewahrung, Aufarbeitung und Verbreitung des wissenschaftlichen Nachlasses Johann Heinrichs von Th\u00fcnens bem\u00fcht. \u00dcber Projekte der Th\u00fcnengesellschaft e.\u00a0V.  informiert Sie diese Webseite.<\/p>\n\n\n\n<h4 class=\"wp-block-heading\"><strong>Ziele<\/strong><\/h4>\n\n\n\n<p>Die Th\u00fcnengesellschaft Tellow e.V. widmet sich der weitergehenden Erschlie\u00dfung des reichhaltigen Th\u00fcnenschen Gedankengutes in seiner Bedeutung f\u00fcr die heutige Zeit. Das betrifft sein Wirken als National\u00f6konom, Agrarpolitiker und praktischer Landwirt, besonders aber auch seine \u00dcberlegungen und praktischen Ans\u00e4tze zur L\u00f6sung sozialer Fragen.<br><br>Dabei wird auch dem Zusammenwirken Th\u00fcnens mit seinen Zeitgenossen, wie Albrecht Daniel Thaer, Lucas Andreas Staudinger sowie den aktiven Mitgliedern im Mecklenburgischen Patriotischen Verein,  wie Carl Pogge und dessen  S\u00f6hnen Johann und Friedrich,  Aufmerksamkeit gezollt.<\/p>\n\n\n\n<p>Neben der Initiierung und Unterst\u00fctzung von Kolloquien f\u00f6rdert die Th\u00fcnengesellschaft Tellow e.&nbsp;V. die Ver\u00f6ffentlichung von Arbeiten \u00fcber Johann Heinrich von Th\u00fcnen.<br>Von 2006 bis 2015 versuchte die Gesellschaft durch Herausgabe des Th\u00fcnen-Jahrbuchs,  die verschiedenen Ans\u00e4tze der Besch\u00e4ftigung mit dem Werk Johann Heinrich von Th\u00fcnens zusammenzubringen und eine intensivere Auseinandersetzung mit seinen Ideen anzuregen. Ferner bem\u00fcht sich die Th\u00fcnengesellschaft Tellow e.&nbsp;V.  um eine st\u00e4rkere Th\u00fcnenrezeption an Schulen und Universit\u00e4ten.<\/p>\n\n\n\n<h4 class=\"wp-block-heading\"><strong>Mitstreiter gesucht!<\/strong><\/h4>\n\n\n\n<p>Wenn Sie selbst Ideen oder Anregungen haben, teilen Sie uns diese bitte mit; oder treten Sie doch einfach selbst in die Th\u00fcnengesellschaft e.&nbsp;V. ein. Wir freuen uns \u00fcber Ihr Engagement!<\/p>\n","protected":false},"excerpt":{"rendered":"<p>Die Th\u00fcnengesellschaft ist um die Bewahrung, Aufarbeitung und Verbreitung des wissenschaftlichen Nachlasses Johann Heinrichs von Th\u00fcnens bem\u00fcht.<\/p>\n","protected":false},"author":1,"featured_media":1132,"parent":0,"menu_order":0,"comment_status":"closed","ping_status":"open","template":"","meta":{"footnotes":""},"class_list":["post-19","page","type-page","status-publish","has-post-thumbnail","hentry"],"_links":{"self":[{"href":"https:\/\/www.thuenen.info\/index.php?rest_route=\/wp\/v2\/pages\/19","targetHints":{"allow":["GET"]}}],"collection":[{"href":"https:\/\/www.thuenen.info\/index.php?rest_route=\/wp\/v2\/pages"}],"about":[{"href":"https:\/\/www.thuenen.info\/index.php?rest_route=\/wp\/v2\/types\/page"}],"author":[{"embeddable":true,"href":"https:\/\/www.thuenen.info\/index.php?rest_route=\/wp\/v2\/users\/1"}],"replies":[{"embeddable":true,"href":"https:\/\/www.thuenen.info\/index.php?rest_route=%2Fwp%2Fv2%2Fcomments&post=19"}],"version-history":[{"count":6,"href":"https:\/\/www.thuenen.info\/index.php?rest_route=\/wp\/v2\/pages\/19\/revisions"}],"predecessor-version":[{"id":2086,"href":"https:\/\/www.thuenen.info\/index.php?rest_route=\/wp\/v2\/pages\/19\/revisions\/2086"}],"wp:featuredmedia":[{"embeddable":true,"href":"https:\/\/www.thuenen.info\/index.php?rest_route=\/wp\/v2\/media\/1132"}],"wp:attachment":[{"href":"https:\/\/www.thuenen.info\/index.php?rest_route=%2Fwp%2Fv2%2Fmedia&parent=19"}],"curies":[{"name":"wp","href":"https:\/\/api.w.org\/{rel}","templated":true}]}}